{"id":2147,"date":"2024-03-17T19:17:10","date_gmt":"2024-03-17T18:17:10","guid":{"rendered":"https:\/\/xn--pferdundpftchen-itb.de\/woocommerce\/?post_type=product&#038;p=2147"},"modified":"2024-03-17T19:17:11","modified_gmt":"2024-03-17T18:17:11","slug":"aegyptischer-schwarzkuemmel","status":"publish","type":"product","link":"https:\/\/xn--pferdundpftchen-itb.de\/woocommerce\/produkt\/aegyptischer-schwarzkuemmel\/","title":{"rendered":"\u00c4gyptischer Schwarzk\u00fcmmel"},"content":{"rendered":"<p>Seit altersher ist der Schwarzk\u00fcmmel das Mittel f\u00fcr die Schleimh\u00e4ute, besonders der Bronchien, des Darms und des Genitaltraktes. Der Samen sollte frisch geschrotet und verf\u00fcttert werden. Da die Wirkstoffe an das \u00d6l gebunden sind, sind Presskuchen oder extrahierter Schrot (hohe Temperaturen) mit den frisch geschroteten K\u00f6rnern \u00fcberhaupt nicht vergleichbar.<br \/>\nEin weiterer Vorteil von Schwarzk\u00fcmmelsamen zu Schwarzk\u00fcmmel\u00f6l: die Samen verderben nicht so schnell wie das \u00d6l. <\/p>\n<p>Zusammensetzung: 100 % \u00c4gyptische Schwarzk\u00fcmmelsamen, Nigella sativa.<\/p>\n<p>Anwendung: Mischen Sie, je nach Gr\u00f6\u00dfe des Pferdes und Problemlage, t\u00e4glich 1 bis 3 geh\u00e4ufte Essl\u00f6ffel gemahlenen Schwarzk\u00fcmmelsamen unter das Futter.<\/p>\n","protected":false},"excerpt":{"rendered":"<p>Seit altersher ist der Schwarzk\u00fcmmel das Mittel f\u00fcr die Schleimh\u00e4ute, besonders der Bronchien, des Darms und des Genitaltraktes. Der Samen sollte frisch geschrotet und verf\u00fcttert werden. Da die Wirkstoffe an das \u00d6l gebunden sind, sind Presskuchen oder extrahierter Schrot (hohe Temperaturen) mit den frisch geschroteten K\u00f6rnern \u00fcberhaupt nicht vergleichbar. Ein weiterer Vorteil von Schwarzk\u00fcmmelsamen zu [&hellip;]<\/p>\n","protected":false},"featured_media":690,"comment_status":"open","ping_status":"closed","template":"","meta":[],"product_brand":[],"product_cat":[15,34,35,36,33],"product_tag":[],"class_list":{"0":"post-2147","1":"product","2":"type-product","3":"status-publish","4":"has-post-thumbnail","6":"product_cat-pferd","7":"product_cat-oele-fette","8":"product_cat-atemwege-lunge","9":"product_cat-immunsystem-pferd","10":"product_cat-magen-verdauung-pferd","12":"first","13":"instock","14":"taxable","15":"shipping-taxable","16":"purchasable","17":"product-type-simple"},"jetpack_sharing_enabled":true,"_links":{"self":[{"href":"https:\/\/xn--pferdundpftchen-itb.de\/woocommerce\/wp-json\/wp\/v2\/product\/2147","targetHints":{"allow":["GET"]}}],"collection":[{"href":"https:\/\/xn--pferdundpftchen-itb.de\/woocommerce\/wp-json\/wp\/v2\/product"}],"about":[{"href":"https:\/\/xn--pferdundpftchen-itb.de\/woocommerce\/wp-json\/wp\/v2\/types\/product"}],"replies":[{"embeddable":true,"href":"https:\/\/xn--pferdundpftchen-itb.de\/woocommerce\/wp-json\/wp\/v2\/comments?post=2147"}],"wp:featuredmedia":[{"embeddable":true,"href":"https:\/\/xn--pferdundpftchen-itb.de\/woocommerce\/wp-json\/wp\/v2\/media\/690"}],"wp:attachment":[{"href":"https:\/\/xn--pferdundpftchen-itb.de\/woocommerce\/wp-json\/wp\/v2\/media?parent=2147"}],"wp:term":[{"taxonomy":"product_brand","embeddable":true,"href":"https:\/\/xn--pferdundpftchen-itb.de\/woocommerce\/wp-json\/wp\/v2\/product_brand?post=2147"},{"taxonomy":"product_cat","embeddable":true,"href":"https:\/\/xn--pferdundpftchen-itb.de\/woocommerce\/wp-json\/wp\/v2\/product_cat?post=2147"},{"taxonomy":"product_tag","embeddable":true,"href":"https:\/\/xn--pferdundpftchen-itb.de\/woocommerce\/wp-json\/wp\/v2\/product_tag?post=2147"}],"curies":[{"name":"wp","href":"https:\/\/api.w.org\/{rel}","templated":true}]}}